{"id":1949,"date":"2019-01-25T11:05:09","date_gmt":"2019-01-25T11:05:09","guid":{"rendered":"https:\/\/www.alfaprinting.es\/serveis\/impresion\/"},"modified":"2025-05-09T14:07:52","modified_gmt":"2025-05-09T14:07:52","slug":"impressio","status":"publish","type":"page","link":"https:\/\/www.alfaprinting.es\/ca\/serveis\/impressio\/","title":{"rendered":"Impressi\u00f3"},"content":{"rendered":"[vc_row full_width=&#8221;stretch_row&#8221; remove_bottom_col_margin=&#8221;true&#8221; css=&#8221;.vc_custom_1548414737236{margin-top: 0px !important;padding-top: 0px !important;padding-bottom: 4% !important;}&#8221;][vc_column]<span class=\"vcex-module vcex-heading wpex-text-2xl wpex-font-normal wpex-m-auto wpex-max-w-100 vcex-heading-plain wpex-block wpex-text-center aligncenter vc_custom_1711385395717\" style=\"color:#009bdc;font-family:&#039;PT Sans&#039;,sans-serif;font-size:17px;letter-spacing:1px;font-weight:600;text-transform:uppercase;line-height:1.4;width:900px;\"><span class=\"vcex-heading-inner wpex-inline-block wpex-clr\">SERVEIS<\/span><\/span><div class=\"vcex-module vcex-divider-multicolor wpex-flex wpex-max-w-100 wpex-m-auto wpex-clr\" style=\"width:5%;\"><span class=\"wpex-flex-grow\" style=\"background:#009bdc;height:2px;\"><\/span><span class=\"wpex-flex-grow\" style=\"background:#de0077;height:2px;\"><\/span><span class=\"wpex-flex-grow\" style=\"background:#feee00;height:2px;\"><\/span><span class=\"wpex-flex-grow\" style=\"background:#000000;height:2px;\"><\/span><\/div><h1 class=\"vcex-module vcex-heading wpex-text-2xl wpex-font-normal wpex-m-auto wpex-max-w-100 vcex-heading-plain wpex-block wpex-text-center aligncenter vc_custom_1711385597190\" style=\"font-size:37px;width:900px;\"><span class=\"vcex-heading-inner wpex-inline-block wpex-clr\">Impressi\u00f3<\/span><\/h1>[vc_column_text text_align=&#8221;center&#8221; font_family=&#8221;Open Sans&#8221; font_size=&#8221;18&#8243; line_height=&#8221;1.8&#8243; font_weight=&#8221;100&#8243; css=&#8221;.vc_custom_1553880957957{padding-right: 10% !important;padding-left: 10% !important;}&#8221;]Oferim un servei d&#8217;impressi\u00f3 offset i digital amb assessorament personalitzat i professional per tal d&#8217;aconseguir que la producci\u00f3 s&#8217;ajusti a les necessitats espec\u00edfiques de cada cas.[\/vc_column_text][\/vc_column][\/vc_row][vc_row full_width=&#8221;stretch_row&#8221; content_placement=&#8221;middle&#8221; remove_bottom_col_margin=&#8221;true&#8221; css=&#8221;.vc_custom_1548414836458{padding-top: 30px !important;padding-bottom: 10% !important;background-position: 0 0 !important;background-repeat: no-repeat !important;}&#8221; wpex_bg_position=&#8221;right 5%&#8221;][vc_column css=&#8221;.vc_custom_1548369733481{border-top-width: 5px !important;border-right-width: 5px !important;border-bottom-width: 5px !important;border-left-width: 5px !important;padding-top: 40px !important;padding-right: 40px !important;padding-bottom: 40px !important;padding-left: 40px !important;background-color: #f7f9fc !important;background-position: center !important;background-repeat: no-repeat !important;background-size: cover !important;border-left-color: #ffffff !important;border-left-style: solid !important;border-right-color: #ffffff !important;border-right-style: solid !important;border-top-color: #ffffff !important;border-top-style: solid !important;border-bottom-color: #ffffff !important;border-bottom-style: solid !important;}&#8221; el_class=&#8221;ombra border-outline&#8221;][vc_icon icon_fontawesome=&#8221;fa fa-check&#8221; color=&#8221;custom&#8221; background_style=&#8221;rounded&#8221; background_color=&#8221;custom&#8221; size=&#8221;xs&#8221; align=&#8221;center&#8221; custom_color=&#8221;#ffffff&#8221; custom_background_color=&#8221;#de0077&#8243; css=&#8221;.vc_custom_1548359835214{margin-top: -60px !important;margin-bottom: 20px !important;}&#8221;]<h2 class=\"vcex-module vcex-heading wpex-text-2xl wpex-font-normal wpex-m-auto wpex-max-w-100 vcex-heading-plain wpex-block wpex-text-center vc_custom_1746799611335\" style=\"font-size:24px;font-weight:600;\"><span class=\"vcex-heading-inner wpex-inline-block wpex-clr\">Impressi\u00f3 Offset<\/span><\/h2>[vc_row_inner equal_height=&#8221;yes&#8221; content_placement=&#8221;top&#8221; gap=&#8221;30&#8243;][vc_column_inner el_class=&#8221;no-ombra-no-border-outline&#8221; width=&#8221;1\/2&#8243;][vc_column_text text_align=&#8221;left&#8221; css=&#8221;.vc_custom_1553881003700{margin-bottom: 20px !important;}&#8221;]En aquest sistema d&#8217;impressi\u00f3 s&#8217;aconsegueix la r\u00e0tio productivitat\/rendibilitat \u00f2ptima a partir de tirades mitjanes i grans, tant per a paper, cartr\u00f3, aix\u00ed com papers especials i creatius, gr\u00e0cies a la pot\u00e8ncia de les nostres m\u00e0quines tecnol\u00f2gicament punteres que sumen 13 cossos d&#8217;impressi\u00f3 de full 72 x 102 cm permetent totes les possibles opcions d&#8217;impressi\u00f3 i una productivitat de 16.000 fulls\/hora, plec acabat, amb torns programats 24 hores al dia.<\/p>\n<p><strong>Acabats d&#8217;impressi\u00f3 offset:<\/strong>[\/vc_column_text]<div class=\"vcex-module vcex-bullets custom-icon mision_checks\">\n<ul>\n<li><div class=\"vcex-bullets-ci-wrap wpex-inline-flex\"><span class=\"vcex-icon-wrap wpex-mr-10\"><span class=\"vcex-icon fa fa-info-circle\" style=\"color:#de0077\" aria-hidden=\"true\"><\/span><\/span><div class=\"vcex-content wpex-flex-grow\">Vern\u00eds m\u00e0quina brillant\/mat\/semi.<\/div><\/div><\/li>\n<li><div class=\"vcex-bullets-ci-wrap wpex-inline-flex\"><span class=\"vcex-icon-wrap wpex-mr-10\"><span class=\"vcex-icon fa fa-info-circle\" style=\"color:#de0077\" aria-hidden=\"true\"><\/span><\/span><div class=\"vcex-content wpex-flex-grow\">Vern\u00eds acr\u00edlic\/brillant\/mat\/semi.<\/div><\/div><\/li>\n<li><div class=\"vcex-bullets-ci-wrap wpex-inline-flex\"><span class=\"vcex-icon-wrap wpex-mr-10\"><span class=\"vcex-icon fa fa-info-circle\" style=\"color:#de0077\" aria-hidden=\"true\"><\/span><\/span><div class=\"vcex-content wpex-flex-grow\">Tintes especials (fotoresistentes, invisibles per a lectura sota llum UV, fluorescents, etc&#8230;).<\/div><\/div><\/li>\n<\/ul>\n<\/div>[\/vc_column_inner][vc_column_inner el_class=&#8221;no-ombra-no-border-outline&#8221; width=&#8221;1\/2&#8243;]<div class=\"wpex-slider-preloaderimg\"><img data-no-lazy=\"1\" class=\"skip-lazy\" src=\"https:\/\/www.alfaprinting.es\/wp-content\/uploads\/2019\/02\/Mitsubishi-Tandem-8-cuerpos-lateral-completo-769x450.jpg\" alt=\"\" width=\"769\" height=\"450\" \/><\/div><div class=\"vcex-module wpex-slider slider-pro vcex-image-slider wpex-clr ombra-slider-thumbs wpex-lightbox-group\"  data-loop=\"true\" data-auto-play-delay=\"5000\" data-buttons=\"false\" data-thumbnails=\"true\" data-animation-speed=\"600\" data-height-animation-duration=\"500\" data-thumbnail-height=\"70\" data-thumbnail-width=\"70\" data-show_title=\"false\"><div class=\"wpex-slider-slides sp-slides\"><div class=\"wpex-slider-slide sp-slide\"><div class=\"wpex-slider-media\"><a href=\"https:\/\/www.alfaprinting.es\/wp-content\/uploads\/2019\/02\/Mitsubishi-Tandem-8-cuerpos-lateral-completo.jpg\" class=\"vcex-flexslider-entry-img wpex-slider-media-link wpex-lightbox-group-item\"><img data-no-lazy=\"1\" class=\"skip-lazy\" src=\"https:\/\/www.alfaprinting.es\/wp-content\/uploads\/2019\/02\/Mitsubishi-Tandem-8-cuerpos-lateral-completo-769x450.jpg\" alt=\"\" width=\"769\" height=\"450\" \/><\/a><\/div><\/div><div class=\"wpex-slider-slide sp-slide\"><div class=\"wpex-slider-media\"><a href=\"https:\/\/www.alfaprinting.es\/wp-content\/uploads\/2019\/02\/Mitsubishi-Diamond-3000-de-5-cuerpos.jpg\" class=\"vcex-flexslider-entry-img wpex-slider-media-link wpex-lightbox-group-item\"><img data-no-lazy=\"1\" class=\"skip-lazy\" src=\"https:\/\/www.alfaprinting.es\/wp-content\/uploads\/2019\/02\/Mitsubishi-Diamond-3000-de-5-cuerpos-769x450.jpg\" alt=\"\" width=\"769\" height=\"450\" \/><\/a><\/div><\/div><div class=\"wpex-slider-slide sp-slide\"><div class=\"wpex-slider-media\"><a href=\"https:\/\/www.alfaprinting.es\/wp-content\/uploads\/2019\/02\/Mitsubishi-Tandem-8-cuerpos-salidalateral_2.jpg\" class=\"vcex-flexslider-entry-img wpex-slider-media-link wpex-lightbox-group-item\"><img data-no-lazy=\"1\" class=\"skip-lazy\" src=\"https:\/\/www.alfaprinting.es\/wp-content\/uploads\/2019\/02\/Mitsubishi-Tandem-8-cuerpos-salidalateral_2-769x450.jpg\" alt=\"\" width=\"769\" height=\"450\" \/><\/a><\/div><\/div><div class=\"wpex-slider-slide sp-slide\"><div class=\"wpex-slider-media\"><a href=\"https:\/\/www.alfaprinting.es\/wp-content\/uploads\/2019\/02\/Mitsubishi-Tandem-8-cuerpos-salidalateral.jpg\" class=\"vcex-flexslider-entry-img wpex-slider-media-link wpex-lightbox-group-item\" data-caption=\"Mitsubishi Tandem 8 cossos - sortida + lateral\"><img data-no-lazy=\"1\" class=\"skip-lazy\" src=\"https:\/\/www.alfaprinting.es\/wp-content\/uploads\/2019\/02\/Mitsubishi-Tandem-8-cuerpos-salidalateral-769x450.jpg\" alt=\"\" width=\"769\" height=\"450\" \/><\/a><\/div><\/div><div class=\"wpex-slider-slide sp-slide\"><div class=\"wpex-slider-media\"><a href=\"https:\/\/www.alfaprinting.es\/wp-content\/uploads\/2019\/02\/Mitsubishi-Tandem-8-cuerpos-Tinteros-de-pie.jpg\" class=\"vcex-flexslider-entry-img wpex-slider-media-link wpex-lightbox-group-item\" data-caption=\"Mitsubishi Tandem 8 cossos - Tinters de peu\"><img data-no-lazy=\"1\" class=\"skip-lazy\" src=\"https:\/\/www.alfaprinting.es\/wp-content\/uploads\/2019\/02\/Mitsubishi-Tandem-8-cuerpos-Tinteros-de-pie-769x450.jpg\" alt=\"\" width=\"769\" height=\"450\" \/><\/a><\/div><\/div><div class=\"wpex-slider-slide sp-slide\"><div class=\"wpex-slider-media\"><a href=\"https:\/\/www.alfaprinting.es\/wp-content\/uploads\/2019\/02\/Misubishi-Tandem-8-cuerpos-mesa-_2.jpg\" class=\"vcex-flexslider-entry-img wpex-slider-media-link wpex-lightbox-group-item\" data-caption=\"Misubishi Tandem 8 cossos\"><img data-no-lazy=\"1\" class=\"skip-lazy\" src=\"https:\/\/www.alfaprinting.es\/wp-content\/uploads\/2019\/02\/Misubishi-Tandem-8-cuerpos-mesa-_2-769x450.jpg\" alt=\"\" width=\"769\" height=\"450\" \/><\/a><\/div><\/div><div class=\"wpex-slider-slide sp-slide\"><div class=\"wpex-slider-media\"><a href=\"https:\/\/www.alfaprinting.es\/wp-content\/uploads\/2019\/02\/Mitsubishi-Tandem-8-cuerpos-mesa.jpg\" class=\"vcex-flexslider-entry-img wpex-slider-media-link wpex-lightbox-group-item\" data-caption=\"Mitsubishi Tandem 8 cossos\"><img data-no-lazy=\"1\" class=\"skip-lazy\" src=\"https:\/\/www.alfaprinting.es\/wp-content\/uploads\/2019\/02\/Mitsubishi-Tandem-8-cuerpos-mesa-769x450.jpg\" alt=\"\" width=\"769\" height=\"450\" \/><\/a><\/div><\/div><div class=\"wpex-slider-slide sp-slide\"><div class=\"wpex-slider-media\"><a href=\"https:\/\/www.alfaprinting.es\/wp-content\/uploads\/2019\/02\/Mistubishi-Tandem-8-cuerpos-tinteros-de-pie-_2.jpg\" class=\"vcex-flexslider-entry-img wpex-slider-media-link wpex-lightbox-group-item\" data-caption=\"Mistubishi Tandem 8 cossos - tinters de peu\"><img data-no-lazy=\"1\" class=\"skip-lazy\" src=\"https:\/\/www.alfaprinting.es\/wp-content\/uploads\/2019\/02\/Mistubishi-Tandem-8-cuerpos-tinteros-de-pie-_2-769x450.jpg\" alt=\"\" width=\"769\" height=\"450\" \/><\/a><\/div><\/div><\/div><div class=\"wpex-slider-thumbnails sp-thumbnails\"><img data-no-lazy=\"1\" class=\"wpex-slider-thumbnail sp-thumbnail skip-lazy\" src=\"https:\/\/www.alfaprinting.es\/wp-content\/uploads\/2019\/02\/Mitsubishi-Tandem-8-cuerpos-lateral-completo-769x450.jpg\" alt=\"\" width=\"769\" height=\"450\" \/><img data-no-lazy=\"1\" class=\"wpex-slider-thumbnail sp-thumbnail skip-lazy\" src=\"https:\/\/www.alfaprinting.es\/wp-content\/uploads\/2019\/02\/Mitsubishi-Diamond-3000-de-5-cuerpos-769x450.jpg\" alt=\"\" width=\"769\" height=\"450\" \/><img data-no-lazy=\"1\" class=\"wpex-slider-thumbnail sp-thumbnail skip-lazy\" src=\"https:\/\/www.alfaprinting.es\/wp-content\/uploads\/2019\/02\/Mitsubishi-Tandem-8-cuerpos-salidalateral_2-769x450.jpg\" alt=\"\" width=\"769\" height=\"450\" \/><img data-no-lazy=\"1\" class=\"wpex-slider-thumbnail sp-thumbnail skip-lazy\" src=\"https:\/\/www.alfaprinting.es\/wp-content\/uploads\/2019\/02\/Mitsubishi-Tandem-8-cuerpos-salidalateral-769x450.jpg\" alt=\"\" width=\"769\" height=\"450\" \/><img data-no-lazy=\"1\" class=\"wpex-slider-thumbnail sp-thumbnail skip-lazy\" src=\"https:\/\/www.alfaprinting.es\/wp-content\/uploads\/2019\/02\/Mitsubishi-Tandem-8-cuerpos-Tinteros-de-pie-769x450.jpg\" alt=\"\" width=\"769\" height=\"450\" \/><img data-no-lazy=\"1\" class=\"wpex-slider-thumbnail sp-thumbnail skip-lazy\" src=\"https:\/\/www.alfaprinting.es\/wp-content\/uploads\/2019\/02\/Misubishi-Tandem-8-cuerpos-mesa-_2-769x450.jpg\" alt=\"\" width=\"769\" height=\"450\" \/><img data-no-lazy=\"1\" class=\"wpex-slider-thumbnail sp-thumbnail skip-lazy\" src=\"https:\/\/www.alfaprinting.es\/wp-content\/uploads\/2019\/02\/Mitsubishi-Tandem-8-cuerpos-mesa-769x450.jpg\" alt=\"\" width=\"769\" height=\"450\" \/><img data-no-lazy=\"1\" class=\"wpex-slider-thumbnail sp-thumbnail skip-lazy\" src=\"https:\/\/www.alfaprinting.es\/wp-content\/uploads\/2019\/02\/Mistubishi-Tandem-8-cuerpos-tinteros-de-pie-_2-769x450.jpg\" alt=\"\" width=\"769\" height=\"450\" \/><\/div><\/div>[vc_column_text text_align=&#8221;left&#8221; css=&#8221;.vc_custom_1553881086322{margin-top: 40px !important;margin-bottom: 10px !important;}&#8221;]<strong>Veure les m\u00e0quines en acci\u00f3:<\/strong>[\/vc_column_text]<div class=\"theme-button-block-wrap wpex-block wpex-clear theme-button-wrap wpex-clr\"><a href=\"https:\/\/www.alfaprinting.es\/wp-content\/uploads\/2019\/02\/Cabezal-de-alta-produccion.mp4\" class=\"vcex-button theme-txt-link medium align-left block wpex-lightbox\" style=\"background:rgba(0,0,0,0.01);color:#009bdc;\" data-wpex-hover='{&quot;background&quot;:&quot;rgba(0,0,0,0.01)&quot;,&quot;color&quot;:&quot;#009bdc&quot;}'><span class=\"theme-button-inner\"><span class=\"vcex-icon-wrap theme-button-icon-left\"><span class=\"ticon ticon-play-circle-o\" aria-hidden=\"true\"><\/span><\/span>Cap\u00e7al d&#8217;alta producci\u00f3<\/span><\/a><\/div> <div class=\"theme-button-block-wrap wpex-block wpex-clear theme-button-wrap wpex-clr\"><a href=\"https:\/\/www.alfaprinting.es\/wp-content\/uploads\/2019\/02\/Salida-cuello_cisne-con-colchon_aire.mp4\" class=\"vcex-button theme-txt-link medium align-left block wpex-lightbox\" style=\"background:rgba(0,0,0,0.01);color:#009bdc;\" data-wpex-hover='{&quot;background&quot;:&quot;rgba(0,0,0,0.01)&quot;,&quot;color&quot;:&quot;#009bdc&quot;}'><span class=\"theme-button-inner\"><span class=\"vcex-icon-wrap theme-button-icon-left\"><span class=\"ticon ticon-play-circle-o\" aria-hidden=\"true\"><\/span><\/span>Sortida &#8211; Coll cigne amb matal\u00e0s aire<\/span><\/a><\/div> <div class=\"theme-button-block-wrap wpex-block wpex-clear theme-button-wrap wpex-clr\"><a href=\"https:\/\/www.alfaprinting.es\/wp-content\/uploads\/2019\/02\/Salida-secadocolchon_aire.mp4\" class=\"vcex-button theme-txt-link medium align-left block wpex-lightbox\" style=\"background:rgba(0,0,0,0.01);color:#009bdc;\" data-wpex-hover='{&quot;background&quot;:&quot;rgba(0,0,0,0.01)&quot;,&quot;color&quot;:&quot;#009bdc&quot;}'><span class=\"theme-button-inner\"><span class=\"vcex-icon-wrap theme-button-icon-left\"><span class=\"ticon ticon-play-circle-o\" aria-hidden=\"true\"><\/span><\/span>Sortida &#8211; Assecat + matal\u00e0s aire<\/span><\/a><\/div> [\/vc_column_inner][\/vc_row_inner]<div class=\"vcex-module vcex-divider vcex-divider-double wpex-max-w-100 wpex-mx-auto wpex-block wpex-h-0 wpex-border-y wpex-border-solid wpex-border-gray-200 wpex-pb-5\" style=\"margin-top:35px;margin-bottom:35px;border-top-width:1px;border-bottom-width:1px;border-color:#e9eef5;\"><\/div>[vc_row_inner content_placement=&#8221;top&#8221; gap=&#8221;10&#8243; remove_bottom_col_margin=&#8221;true&#8221; css=&#8221;.vc_custom_1551175688115{padding-top: 0px !important;padding-bottom: 0px !important;}&#8221; el_class=&#8221;no_ombra no-ombra-no-border-outline&#8221;][vc_column_inner width=&#8221;1\/2&#8243;]<figure class=\"vcex-image vcex-module wpex-clr textcenter ombra-imatge\"><div class=\"vcex-image-inner wpex-inline-block wpex-relative vc_custom_1550952426491\"><img loading=\"lazy\" class=\"wpex-align-middle\" src=\"https:\/\/www.alfaprinting.es\/wp-content\/uploads\/2019\/02\/Espectrofotometro-automatico-1.jpg\" alt=\"\" width=\"1000\" height=\"660\" \/><\/div><\/figure>[\/vc_column_inner][vc_column_inner width=&#8221;1\/2&#8243;]<h3 class=\"vcex-module vcex-heading wpex-text-2xl wpex-font-normal wpex-m-auto wpex-max-w-100 vcex-heading-plain wpex-block wpex-text-left vc_custom_1746799670259\" style=\"font-size:20px;font-weight:600;\"><span class=\"vcex-heading-inner wpex-inline-block wpex-clr\">Espectrofot\u00f2metre<\/span><\/h3>[vc_column_text text_align=&#8221;left&#8221; css=&#8221;.vc_custom_1553881230599{margin-top: 0px !important;margin-bottom: 10px !important;}&#8221;]Instrument de mesurament de color.<\/p>\n<p>Treballa connectat en l\u00ednia amb el CIP4 i m\u00e0quines d&#8217;impressi\u00f3.<\/p>\n<p>Ens permet controlar en temps real qualsevol par\u00e0metre sobre colorimetria, densitat de color s\u00f2lid, guanys de punt o trapping, complint d&#8217;aquesta manera amb la normativa ISO 12647-2: 2004, obtenint una important reducci\u00f3 de maculatura i una gran estabilitat del color durant la tirada de la impressi\u00f3.[\/vc_column_text][\/vc_column_inner][\/vc_row_inner][\/vc_column][\/vc_row][vc_row full_width=&#8221;stretch_row&#8221; content_placement=&#8221;middle&#8221; remove_bottom_col_margin=&#8221;true&#8221; css=&#8221;.vc_custom_1550952846663{padding-top: 0px !important;padding-bottom: 10% !important;background-position: 0 0 !important;background-repeat: no-repeat !important;}&#8221; wpex_bg_position=&#8221;right 5%&#8221;][vc_column css=&#8221;.vc_custom_1548369733481{border-top-width: 5px !important;border-right-width: 5px !important;border-bottom-width: 5px !important;border-left-width: 5px !important;padding-top: 40px !important;padding-right: 40px !important;padding-bottom: 40px !important;padding-left: 40px !important;background-color: #f7f9fc !important;background-position: center !important;background-repeat: no-repeat !important;background-size: cover !important;border-left-color: #ffffff !important;border-left-style: solid !important;border-right-color: #ffffff !important;border-right-style: solid !important;border-top-color: #ffffff !important;border-top-style: solid !important;border-bottom-color: #ffffff !important;border-bottom-style: solid !important;}&#8221; el_class=&#8221;ombra border-outline&#8221;][vc_icon icon_fontawesome=&#8221;fa fa-check&#8221; color=&#8221;custom&#8221; background_style=&#8221;rounded&#8221; background_color=&#8221;custom&#8221; size=&#8221;xs&#8221; align=&#8221;center&#8221; custom_color=&#8221;#ffffff&#8221; custom_background_color=&#8221;#de0077&#8243; css=&#8221;.vc_custom_1548359835214{margin-top: -60px !important;margin-bottom: 20px !important;}&#8221;]<h2 class=\"vcex-module vcex-heading wpex-text-2xl wpex-font-normal wpex-m-auto wpex-max-w-100 vcex-heading-plain wpex-block wpex-text-center vc_custom_1746799625025\" style=\"font-weight:600;\"><span class=\"vcex-heading-inner wpex-inline-block wpex-clr\">Impressi\u00f3 Digital<\/span><\/h2>[vc_row_inner equal_height=&#8221;yes&#8221; content_placement=&#8221;top&#8221;][vc_column_inner el_class=&#8221;no-ombra-no-border-outline&#8221; width=&#8221;1\/2&#8243;][vc_column_text text_align=&#8221;left&#8221;]Sistema d&#8217;impressi\u00f3 \u00f2ptim per tirades curtes i treballs amb personalitzaci\u00f3 de camps variables, aix\u00ed com la impressi\u00f3 en superf\u00edcies especials (vinil, forex, foam, tela, lona, Dubon, etc&#8230;) tamb\u00e9 en tirades curtes.[\/vc_column_text][\/vc_column_inner][vc_column_inner el_class=&#8221;no-ombra-no-border-outline&#8221; width=&#8221;1\/2&#8243;]<figure class=\"vcex-image vcex-module wpex-clr textcenter ombra-imatge\"><div class=\"vcex-image-inner wpex-inline-block wpex-relative vc_custom_1622194189061\"><img loading=\"lazy\" class=\"wpex-align-middle\" src=\"https:\/\/www.alfaprinting.es\/wp-content\/uploads\/2021\/05\/Heidelberg-Versafire.jpg\" alt=\"\" width=\"700\" height=\"515\" \/><\/div><\/figure>[\/vc_column_inner][\/vc_row_inner][\/vc_column][\/vc_row][vc_row full_width=&#8221;stretch_row&#8221; css=&#8221;.vc_custom_1548266287019{padding-top: 7% !important;padding-bottom: 7% !important;background-color: #feee00 !important;}&#8221; el_class=&#8221;ombra-section&#8221;][vc_column]<h2 class=\"vcex-module vcex-heading wpex-text-2xl wpex-font-normal wpex-m-auto wpex-max-w-100 vcex-heading-plain wpex-block wpex-text-center aligncenter vc_custom_1553881268705\" style=\"color:#3f3f3f;font-size:30px;width:800px;\"><span class=\"vcex-heading-inner wpex-inline-block wpex-clr\">El nostre objectiu primordial \u00e9s aconseguir maximitzar l'\u00e8xit dels nostres clients.<\/span><\/h2><div class=\"textcenter theme-button-wrap wpex-clr\"><a href=\"https:\/\/www.alfaprinting.es\/ca\/contacte\/\" class=\"vcex-button theme-button black medium align-center inline\" style=\"background:#feee00;padding-top:15px;padding-right:35px;padding-bottom:15px;padding-left:35px;color:#3f3f3f;border:2px solid #3f3f3f;border-radius:100px;\" data-wpex-hover='{&quot;background&quot;:&quot;#3f3f3f&quot;,&quot;color&quot;:&quot;#ffffff&quot;}'><span class=\"theme-button-inner\">CONTACTI AMB NOSALTRES<span class=\"vcex-icon-wrap theme-button-icon-right wpex-transition-transform wpex-duration-200\" data-wpex-hover=\"{&quot;parent&quot;:&quot;.vcex-button&quot;,&quot;transform&quot;:&quot;translateX(10px)&quot;}\"><span class=\"ticon ticon-angle-right\" aria-hidden=\"true\"><\/span><\/span><\/span><\/a><\/div> [\/vc_column][\/vc_row]\n","protected":false},"excerpt":{"rendered":"<p>[vc_row full_width=&#8221;stretch_row&#8221; remove_bottom_col_margin=&#8221;true&#8221; css=&#8221;.vc_custom_1548414737236{margin-top: 0px !important;padding-top: 0px !important;padding-bottom: 4% !important;}&#8221;][vc_column][vc_column_text text_align=&#8221;center&#8221; font_family=&#8221;Open Sans&#8221; font_size=&#8221;18&#8243; line_height=&#8221;1.8&#8243; font_weight=&#8221;100&#8243; css=&#8221;.vc_custom_1553880957957{padding-right: 10% !important;padding-left: 10% !important;}&#8221;]Oferim un servei d&#8217;impressi\u00f3 offset i digital amb assessorament personalitzat i professional per tal d&#8217;aconseguir que la producci\u00f3 s&#8217;ajusti a&hellip;<\/p>\n","protected":false},"author":1,"featured_media":0,"parent":1939,"menu_order":0,"comment_status":"closed","ping_status":"closed","template":"","meta":[],"yoast_head":"<!-- This site is optimized with the Yoast SEO plugin v15.1.1 - https:\/\/yoast.com\/wordpress\/plugins\/seo\/ -->\n<title>Impressi\u00f3 offset i digital amb assessorament personalitzat | Alfa Printing<\/title>\n<meta name=\"description\" content=\"Oferim un servei d&#039;impressi\u00f3 offset i digital amb assessorament professional per tal de satisfer les necessitats espec\u00edfiques del client.\" \/>\n<meta name=\"robots\" content=\"index, follow, max-snippet:-1, max-image-preview:large, max-video-preview:-1\" \/>\n<link rel=\"canonical\" href=\"https:\/\/www.alfaprinting.es\/ca\/serveis\/impressio\/\" \/>\n<meta property=\"og:locale\" content=\"ca_ES\" \/>\n<meta property=\"og:type\" content=\"article\" \/>\n<meta property=\"og:title\" content=\"Impressi\u00f3 offset i digital amb assessorament personalitzat | Alfa Printing\" \/>\n<meta property=\"og:description\" content=\"Oferim un servei d&#039;impressi\u00f3 offset i digital amb assessorament professional per tal de satisfer les necessitats espec\u00edfiques del client.\" \/>\n<meta property=\"og:url\" content=\"https:\/\/www.alfaprinting.es\/ca\/serveis\/impressio\/\" \/>\n<meta property=\"og:site_name\" content=\"Alfa Printing\" \/>\n<meta property=\"article:modified_time\" content=\"2025-05-09T14:07:52+00:00\" \/>\n<meta property=\"og:image\" content=\"https:\/\/www.alfaprinting.es\/wp-content\/uploads\/2019\/01\/logo-Alfaprinting.png\" \/>\n\t<meta property=\"og:image:width\" content=\"515\" \/>\n\t<meta property=\"og:image:height\" content=\"123\" \/>\n<meta name=\"twitter:card\" content=\"summary_large_image\" \/>\n<meta name=\"twitter:creator\" content=\"@AlfaprintingBCN\" \/>\n<meta name=\"twitter:site\" content=\"@AlfaprintingBCN\" \/>\n<script type=\"application\/ld+json\" class=\"yoast-schema-graph\">{\"@context\":\"https:\/\/schema.org\",\"@graph\":[{\"@type\":\"Organization\",\"@id\":\"https:\/\/www.alfaprinting.es\/ca\/#organization\",\"name\":\"Alfa Printing\",\"url\":\"https:\/\/www.alfaprinting.es\/ca\/\",\"sameAs\":[\"https:\/\/www.linkedin.com\/in\/alfa-printing-s-l-31240653\/\",\"https:\/\/twitter.com\/AlfaprintingBCN\"],\"logo\":{\"@type\":\"ImageObject\",\"@id\":\"https:\/\/www.alfaprinting.es\/ca\/#logo\",\"inLanguage\":\"ca\",\"url\":\"https:\/\/www.alfaprinting.es\/wp-content\/uploads\/2019\/01\/logo-Alfaprinting.png\",\"width\":515,\"height\":123,\"caption\":\"Alfa Printing\"},\"image\":{\"@id\":\"https:\/\/www.alfaprinting.es\/ca\/#logo\"}},{\"@type\":\"WebSite\",\"@id\":\"https:\/\/www.alfaprinting.es\/ca\/#website\",\"url\":\"https:\/\/www.alfaprinting.es\/ca\/\",\"name\":\"Alfa Printing\",\"description\":\"Servicios de imprenta y producci\\u00f3n gr\\u00e1fica de alta calidad\",\"publisher\":{\"@id\":\"https:\/\/www.alfaprinting.es\/ca\/#organization\"},\"potentialAction\":[{\"@type\":\"SearchAction\",\"target\":\"https:\/\/www.alfaprinting.es\/ca\/?s={search_term_string}\",\"query-input\":\"required name=search_term_string\"}],\"inLanguage\":\"ca\"},{\"@type\":\"WebPage\",\"@id\":\"https:\/\/www.alfaprinting.es\/ca\/serveis\/impressio\/#webpage\",\"url\":\"https:\/\/www.alfaprinting.es\/ca\/serveis\/impressio\/\",\"name\":\"Impressi\\u00f3 offset i digital amb assessorament personalitzat | Alfa Printing\",\"isPartOf\":{\"@id\":\"https:\/\/www.alfaprinting.es\/ca\/#website\"},\"datePublished\":\"2019-01-25T11:05:09+00:00\",\"dateModified\":\"2025-05-09T14:07:52+00:00\",\"description\":\"Oferim un servei d'impressi\\u00f3 offset i digital amb assessorament professional per tal de satisfer les necessitats espec\\u00edfiques del client.\",\"breadcrumb\":{\"@id\":\"https:\/\/www.alfaprinting.es\/ca\/serveis\/impressio\/#breadcrumb\"},\"inLanguage\":\"ca\",\"potentialAction\":[{\"@type\":\"ReadAction\",\"target\":[\"https:\/\/www.alfaprinting.es\/ca\/serveis\/impressio\/\"]}]},{\"@type\":\"BreadcrumbList\",\"@id\":\"https:\/\/www.alfaprinting.es\/ca\/serveis\/impressio\/#breadcrumb\",\"itemListElement\":[{\"@type\":\"ListItem\",\"position\":1,\"item\":{\"@type\":\"WebPage\",\"@id\":\"https:\/\/www.alfaprinting.es\/ca\/\",\"url\":\"https:\/\/www.alfaprinting.es\/ca\/\",\"name\":\"Portada\"}},{\"@type\":\"ListItem\",\"position\":2,\"item\":{\"@type\":\"WebPage\",\"@id\":\"https:\/\/www.alfaprinting.es\/ca\/serveis\/\",\"url\":\"https:\/\/www.alfaprinting.es\/ca\/serveis\/\",\"name\":\"Serveis\"}},{\"@type\":\"ListItem\",\"position\":3,\"item\":{\"@type\":\"WebPage\",\"@id\":\"https:\/\/www.alfaprinting.es\/ca\/serveis\/impressio\/\",\"url\":\"https:\/\/www.alfaprinting.es\/ca\/serveis\/impressio\/\",\"name\":\"Impressi\\u00f3\"}}]}]}<\/script>\n<!-- \/ Yoast SEO plugin. -->","_links":{"self":[{"href":"https:\/\/www.alfaprinting.es\/ca\/wp-json\/wp\/v2\/pages\/1949\/"}],"collection":[{"href":"https:\/\/www.alfaprinting.es\/ca\/wp-json\/wp\/v2\/pages\/"}],"about":[{"href":"https:\/\/www.alfaprinting.es\/ca\/wp-json\/wp\/v2\/types\/page\/"}],"author":[{"embeddable":true,"href":"https:\/\/www.alfaprinting.es\/ca\/wp-json\/wp\/v2\/users\/1\/"}],"replies":[{"embeddable":true,"href":"https:\/\/www.alfaprinting.es\/ca\/wp-json\/wp\/v2\/comments\/?post=1949"}],"version-history":[{"count":11,"href":"https:\/\/www.alfaprinting.es\/ca\/wp-json\/wp\/v2\/pages\/1949\/revisions\/"}],"predecessor-version":[{"id":2868,"href":"https:\/\/www.alfaprinting.es\/ca\/wp-json\/wp\/v2\/pages\/1949\/revisions\/2868\/"}],"up":[{"embeddable":true,"href":"https:\/\/www.alfaprinting.es\/ca\/wp-json\/wp\/v2\/pages\/1939\/"}],"wp:attachment":[{"href":"https:\/\/www.alfaprinting.es\/ca\/wp-json\/wp\/v2\/media\/?parent=1949"}],"curies":[{"name":"wp","href":"https:\/\/api.w.org\/{rel}","templated":true}]}}