{"id":1989,"date":"2019-02-05T11:26:45","date_gmt":"2019-02-05T11:26:45","guid":{"rendered":"https:\/\/www.alfaprinting.es\/condiciones-generales-de-venta\/"},"modified":"2024-10-03T10:40:58","modified_gmt":"2024-10-03T10:40:58","slug":"condicions-generals-de-venda","status":"publish","type":"page","link":"https:\/\/www.alfaprinting.es\/ca\/condicions-generals-de-venda\/","title":{"rendered":"Condicions generals de venda"},"content":{"rendered":"[vc_row full_width=&#8221;stretch_row&#8221; remove_bottom_col_margin=&#8221;true&#8221; css=&#8221;.vc_custom_1549366198123{margin-top: 40px !important;margin-bottom: 70px !important;padding-top: 15px !important;}&#8221;][vc_column]<h1 class=\"vcex-module vcex-heading wpex-text-2xl wpex-font-normal wpex-m-auto wpex-max-w-100 vcex-heading-plain wpex-block wpex-text-center vc_custom_1727952057227\" style=\"font-size:37px;\"><span class=\"vcex-heading-inner wpex-inline-block wpex-clr\">Condicions Generals de Venda a Alfa Printing<\/span><\/h1><div class=\"vcex-module vcex-divider-multicolor wpex-flex wpex-max-w-100 wpex-m-auto wpex-clr\" style=\"width:5%;margin-bottom:20px;\"><span class=\"wpex-flex-grow\" style=\"background:#009bdc;height:2px;\"><\/span><span class=\"wpex-flex-grow\" style=\"background:#de0077;height:2px;\"><\/span><span class=\"wpex-flex-grow\" style=\"background:#feee00;height:2px;\"><\/span><span class=\"wpex-flex-grow\" style=\"background:#000000;height:2px;\"><\/span><\/div>[vc_column_text text_align=&#8221;center&#8221; font_family=&#8221;Open Sans&#8221; font_size=&#8221;18&#8243; line_height=&#8221;1.8&#8243; font_weight=&#8221;100&#8243; css=&#8221;.vc_custom_1554112402595{margin-bottom: 20px !important;padding-right: 10% !important;padding-left: 10% !important;}&#8221; width=&#8221;850&#8243;]Totes les vendes que es realitzin en Alfa Printing estan subjectes a les condicions generals de venda exposades en el present document.[\/vc_column_text][\/vc_column][\/vc_row][vc_row full_width=&#8221;stretch_row&#8221; remove_bottom_col_margin=&#8221;true&#8221; css=&#8221;.vc_custom_1548413015497{margin-top: 0px !important;padding-top: 0px !important;padding-bottom: 8% !important;}&#8221;][vc_column width=&#8221;1\/6&#8243;][\/vc_column][vc_column width=&#8221;4\/6&#8243;][vc_row_inner equal_height=&#8221;yes&#8221; content_placement=&#8221;top&#8221; gap=&#8221;30&#8243; css=&#8221;.vc_custom_1548415355155{margin-top: 4% !important;}&#8221;][vc_column_inner el_class=&#8221;ombra border-outline&#8221; css=&#8221;.vc_custom_1548359488848{border-top-width: 5px !important;border-right-width: 5px !important;border-bottom-width: 5px !important;border-left-width: 5px !important;padding-top: 40px !important;padding-right: 40px !important;padding-bottom: 40px !important;padding-left: 40px !important;background-color: #f7f9fc !important;border-left-color: #ffffff !important;border-right-color: #ffffff !important;border-top-color: #ffffff !important;border-bottom-color: #ffffff !important;}&#8221;][vc_icon icon_fontawesome=&#8221;fa fa-check&#8221; color=&#8221;custom&#8221; background_style=&#8221;rounded&#8221; background_color=&#8221;custom&#8221; size=&#8221;xs&#8221; align=&#8221;center&#8221; custom_color=&#8221;#ffffff&#8221; custom_background_color=&#8221;#de0077&#8243; css=&#8221;.vc_custom_1548359835214{margin-top: -60px !important;margin-bottom: 20px !important;}&#8221;]<h4 class=\"vcex-module vcex-heading wpex-text-2xl wpex-font-normal wpex-m-auto wpex-max-w-100 vcex-heading-plain wpex-block wpex-text-center vc_custom_1554112411959\" style=\"font-weight:600;\"><span class=\"vcex-heading-inner wpex-inline-block wpex-clr\">1. Dades<\/span><\/h4>[vc_column_text text_align=&#8221;left&#8221;]<strong>1.1<\/strong> La part venedora \u00e9s Alfa Printing, S.L., (des d&#8217;ara Alfa Printing), amb N.I.F. B65761975 i domicili social al C\/ Rossell\u00f3 n\u00ba 52 parcel\u00b7la 69 del Pol\u00edgon Industrial Famades de Cornell\u00e0 de Llobregat.<\/p>\n<p><strong>1.2<\/strong> La part compradora (en endavant client), ha de subministrar les seves dades fiscals completes, persona\/es i forma\/es de contacte, i domiciliaci\u00f3 banc\u00e0ria en cas de requerir disposar de compte de cr\u00e8dit en Alfa Printing.[\/vc_column_text][\/vc_column_inner][\/vc_row_inner][vc_row_inner equal_height=&#8221;yes&#8221; content_placement=&#8221;top&#8221; gap=&#8221;30&#8243; css=&#8221;.vc_custom_1548415355155{margin-top: 4% !important;}&#8221;][vc_column_inner el_class=&#8221;ombra border-outline&#8221; css=&#8221;.vc_custom_1548359488848{border-top-width: 5px !important;border-right-width: 5px !important;border-bottom-width: 5px !important;border-left-width: 5px !important;padding-top: 40px !important;padding-right: 40px !important;padding-bottom: 40px !important;padding-left: 40px !important;background-color: #f7f9fc !important;border-left-color: #ffffff !important;border-right-color: #ffffff !important;border-top-color: #ffffff !important;border-bottom-color: #ffffff !important;}&#8221;][vc_icon icon_fontawesome=&#8221;fa fa-check&#8221; color=&#8221;custom&#8221; background_style=&#8221;rounded&#8221; background_color=&#8221;custom&#8221; size=&#8221;xs&#8221; align=&#8221;center&#8221; custom_color=&#8221;#ffffff&#8221; custom_background_color=&#8221;#de0077&#8243; css=&#8221;.vc_custom_1548359835214{margin-top: -60px !important;margin-bottom: 20px !important;}&#8221;]<h4 class=\"vcex-module vcex-heading wpex-text-2xl wpex-font-normal wpex-m-auto wpex-max-w-100 vcex-heading-plain wpex-block wpex-text-center vc_custom_1554112716104\" style=\"font-weight:600;\"><span class=\"vcex-heading-inner wpex-inline-block wpex-clr\">2. Responsabilitat del client<\/span><\/h4>[vc_column_text text_align=&#8221;left&#8221;]<strong>2.1<\/strong> S&#8217;assumeix que el client posseeix els drets de reproducci\u00f3 dels documents, imatges, logotips, car\u00e0cters, etc. que confia a Alfa Printing per a la seva impressi\u00f3, i que compleixen amb les lleis sobre la propietat intel\u00b7lectual. El client es fa total i \u00fanic responsable dels danys que podrien ser reclamats per altres persones per copyright o una altra violaci\u00f3 de drets. Alfa Printing podria arribar a denegar la impressi\u00f3 d&#8217;un treball si hagu\u00e9s indicis de frau per part del client per aquests motius.<\/p>\n<p><strong>2.2<\/strong> Sempre que el client subministrant, facilitant o indicant com disposar d&#8217;arxius originals, ordeni de qualsevol forma la realitzaci\u00f3 de la producci\u00f3 de la feina que sigui a Alfa Printing, realitza una comanda per aquesta producci\u00f3 a Alfa Printing i per tant reconeix i assumeix el deute contret amb Alfa Printing per l&#8217;import que correspongui a la comanda encara que s&#8217;hagu\u00e9s contravingut alguna de les condicions del present contracte a priori, especialment si no s&#8217;hagu\u00e9s complert la cl\u00e0usula 4.1 estrictament.[\/vc_column_text][\/vc_column_inner][\/vc_row_inner][vc_row_inner equal_height=&#8221;yes&#8221; content_placement=&#8221;top&#8221; gap=&#8221;30&#8243; css=&#8221;.vc_custom_1548415355155{margin-top: 4% !important;}&#8221;][vc_column_inner el_class=&#8221;ombra border-outline&#8221; css=&#8221;.vc_custom_1548359488848{border-top-width: 5px !important;border-right-width: 5px !important;border-bottom-width: 5px !important;border-left-width: 5px !important;padding-top: 40px !important;padding-right: 40px !important;padding-bottom: 40px !important;padding-left: 40px !important;background-color: #f7f9fc !important;border-left-color: #ffffff !important;border-right-color: #ffffff !important;border-top-color: #ffffff !important;border-bottom-color: #ffffff !important;}&#8221;][vc_icon icon_fontawesome=&#8221;fa fa-check&#8221; color=&#8221;custom&#8221; background_style=&#8221;rounded&#8221; background_color=&#8221;custom&#8221; size=&#8221;xs&#8221; align=&#8221;center&#8221; custom_color=&#8221;#ffffff&#8221; custom_background_color=&#8221;#de0077&#8243; css=&#8221;.vc_custom_1548359835214{margin-top: -60px !important;margin-bottom: 20px !important;}&#8221;]<h4 class=\"vcex-module vcex-heading wpex-text-2xl wpex-font-normal wpex-m-auto wpex-max-w-100 vcex-heading-plain wpex-block wpex-text-center vc_custom_1554112769333\" style=\"font-weight:600;\"><span class=\"vcex-heading-inner wpex-inline-block wpex-clr\">3. Preus i Ofertes<\/span><\/h4>[vc_column_text text_align=&#8221;left&#8221;]<strong>3.1<\/strong> A causa de la gran varietat de caracter\u00edstiques t\u00e8cniques i quantitats de productes que produeix Alfa Printing i a la complexitat de parametritzaci\u00f3 generalista dels mateixos, Alfa Printing presentar\u00e0 sempre una oferta concreta i espec\u00edfica v\u00e0lida per al treball que es sol\u00b7liciti i vigent 30 dies naturals des de la data de presentaci\u00f3 de la mateixa.<\/p>\n<p><strong>3.2<\/strong> Qualsevol treball o actuaci\u00f3 extra que sol\u00b7liciti el client i que no es reflecteixi expl\u00edcitament en l&#8217;oferta comportar\u00e0 l&#8217;augment que correspongui en l&#8217;import autom\u00e0ticament.<\/p>\n<p><strong>3.3<\/strong> Es pot augmentar la vig\u00e8ncia de les ofertes en casos de petici\u00f3 de produccions anuals.[\/vc_column_text][\/vc_column_inner][\/vc_row_inner][vc_row_inner equal_height=&#8221;yes&#8221; content_placement=&#8221;top&#8221; gap=&#8221;30&#8243; css=&#8221;.vc_custom_1548415355155{margin-top: 4% !important;}&#8221;][vc_column_inner el_class=&#8221;ombra border-outline&#8221; css=&#8221;.vc_custom_1548359488848{border-top-width: 5px !important;border-right-width: 5px !important;border-bottom-width: 5px !important;border-left-width: 5px !important;padding-top: 40px !important;padding-right: 40px !important;padding-bottom: 40px !important;padding-left: 40px !important;background-color: #f7f9fc !important;border-left-color: #ffffff !important;border-right-color: #ffffff !important;border-top-color: #ffffff !important;border-bottom-color: #ffffff !important;}&#8221;][vc_icon icon_fontawesome=&#8221;fa fa-check&#8221; color=&#8221;custom&#8221; background_style=&#8221;rounded&#8221; background_color=&#8221;custom&#8221; size=&#8221;xs&#8221; align=&#8221;center&#8221; custom_color=&#8221;#ffffff&#8221; custom_background_color=&#8221;#de0077&#8243; css=&#8221;.vc_custom_1548359835214{margin-top: -60px !important;margin-bottom: 20px !important;}&#8221;]<h4 class=\"vcex-module vcex-heading wpex-text-2xl wpex-font-normal wpex-m-auto wpex-max-w-100 vcex-heading-plain wpex-block wpex-text-center vc_custom_1554112822949\" style=\"font-weight:600;\"><span class=\"vcex-heading-inner wpex-inline-block wpex-clr\">4. Comandes<\/span><\/h4>[vc_column_text text_align=&#8221;left&#8221;]<strong>4.1<\/strong> L&#8217;inici de la producci\u00f3 i la compra de mat\u00e8ries primeres necess\u00e0ries per la mateixa requereixen de la comanda formal de l&#8217;oferta corresponent a nom de la persona f\u00edsica o empresa que desitgi que se l\u2019imputi la factura corresponent i ha d&#8217;estar al corrent de pagaments en alguna de aquestes formes:<\/p>\n<ul>\n<li><strong>4.1.1<\/strong> Clients sense compte: per avanc\u0327at (veure cl\u00e0usula 6.3).<\/li>\n<li><strong>4.1.2<\/strong> Clients amb compte de cr\u00e8dit en Alfa Printing: sense venciments incomplerts i amb marge de solv\u00e8ncia de cr\u00e8dit (= la suma dels imports deguts pendents de pagament m\u00e9s la suma de la nova comanda ha de ser menor al l\u00edmit de risc concedit per Cr\u00e8dit i cauci\u00f3) o en cas contrari cobrir el descobert d&#8217;aquesta solv\u00e8ncia per avanc\u0327at (veure cl\u00e0usula 6.4).<\/li>\n<\/ul>\n<p><strong>4.2<\/strong> Les comandes cancel\u00b7lades a petici\u00f3 del client, o per aplicaci\u00f3 de la cl\u00e0usula 4.3, comportaran la facturaci\u00f3 de totes les despeses en qu\u00e8 s&#8217;hagi incorregut fins al punt de cancel\u00b7laci\u00f3, incloent tots els productes adquirits (mat\u00e8ries primeres o qualsevol compra de material o servei exterior) i\/o transformats (dades i\/o documents inform\u00e0tics i materials).<\/p>\n<p><strong>4.3<\/strong> Les comandes retingudes durant m\u00e9s de 15 dies naturals per omissi\u00f3 del client es consideraran comandes cancel\u00b7lades autom\u00e0ticament.[\/vc_column_text][\/vc_column_inner][\/vc_row_inner][vc_row_inner equal_height=&#8221;yes&#8221; content_placement=&#8221;top&#8221; gap=&#8221;30&#8243; css=&#8221;.vc_custom_1548415355155{margin-top: 4% !important;}&#8221;][vc_column_inner el_class=&#8221;ombra border-outline&#8221; css=&#8221;.vc_custom_1548359488848{border-top-width: 5px !important;border-right-width: 5px !important;border-bottom-width: 5px !important;border-left-width: 5px !important;padding-top: 40px !important;padding-right: 40px !important;padding-bottom: 40px !important;padding-left: 40px !important;background-color: #f7f9fc !important;border-left-color: #ffffff !important;border-right-color: #ffffff !important;border-top-color: #ffffff !important;border-bottom-color: #ffffff !important;}&#8221;][vc_icon icon_fontawesome=&#8221;fa fa-check&#8221; color=&#8221;custom&#8221; background_style=&#8221;rounded&#8221; background_color=&#8221;custom&#8221; size=&#8221;xs&#8221; align=&#8221;center&#8221; custom_color=&#8221;#ffffff&#8221; custom_background_color=&#8221;#de0077&#8243; css=&#8221;.vc_custom_1548359835214{margin-top: -60px !important;margin-bottom: 20px !important;}&#8221;]<h4 class=\"vcex-module vcex-heading wpex-text-2xl wpex-font-normal wpex-m-auto wpex-max-w-100 vcex-heading-plain wpex-block wpex-text-center vc_custom_1554112930201\" style=\"font-weight:600;\"><span class=\"vcex-heading-inner wpex-inline-block wpex-clr\">5. Propietat<\/span><\/h4>[vc_column_text text_align=&#8221;left&#8221;]<strong>5.1<\/strong> A excepci\u00f3 del treball acabat en s\u00ed sol\u00b7licitat pel client i objecte de la seva comanda, els altres productes adquirits (mat\u00e8ries primeres o qualsevol compra de material o servei exterior) i\/o transformats (dades i\/o documents inform\u00e0tics i materials) per a la elaboraci\u00f3 del treball sol\u00b7licitat pel client s\u00f3n propietat d&#8217;Alfa Printing i el seu requeriment per part del client comportar\u00e0 una comanda formal expl\u00edcita de la que es comunicar\u00e0 el seu import i factura, sense perjudici de l&#8217;opci\u00f3 de denegar vendre aquests productes per part d&#8217;Alfa Printing.<\/p>\n<p><strong>5.2<\/strong> Tots els productes subministrats pel client per a la realitzaci\u00f3 de la feina se li retornaran a la finalitzaci\u00f3 del mateix tal qual se&#8217;ls va facilitar a Alfa Printing, assumint el client que els mitjans materials que hagi subministrat poden ser retornats amb un deteriorament addicional natural, pel que fa a seu estat inicial abans de la producci\u00f3, a resultes de la seva utilitzaci\u00f3 en la realitzaci\u00f3 d&#8217;aquesta producci\u00f3.[\/vc_column_text][\/vc_column_inner][\/vc_row_inner][vc_row_inner equal_height=&#8221;yes&#8221; content_placement=&#8221;top&#8221; gap=&#8221;30&#8243; css=&#8221;.vc_custom_1548415355155{margin-top: 4% !important;}&#8221;][vc_column_inner el_class=&#8221;ombra border-outline&#8221; css=&#8221;.vc_custom_1548359488848{border-top-width: 5px !important;border-right-width: 5px !important;border-bottom-width: 5px !important;border-left-width: 5px !important;padding-top: 40px !important;padding-right: 40px !important;padding-bottom: 40px !important;padding-left: 40px !important;background-color: #f7f9fc !important;border-left-color: #ffffff !important;border-right-color: #ffffff !important;border-top-color: #ffffff !important;border-bottom-color: #ffffff !important;}&#8221;][vc_icon icon_fontawesome=&#8221;fa fa-check&#8221; color=&#8221;custom&#8221; background_style=&#8221;rounded&#8221; background_color=&#8221;custom&#8221; size=&#8221;xs&#8221; align=&#8221;center&#8221; custom_color=&#8221;#ffffff&#8221; custom_background_color=&#8221;#de0077&#8243; css=&#8221;.vc_custom_1548359835214{margin-top: -60px !important;margin-bottom: 20px !important;}&#8221;]<h4 class=\"vcex-module vcex-heading wpex-text-2xl wpex-font-normal wpex-m-auto wpex-max-w-100 vcex-heading-plain wpex-block wpex-text-center vc_custom_1554112990584\" style=\"font-weight:600;\"><span class=\"vcex-heading-inner wpex-inline-block wpex-clr\">6. Facturaci\u00f3 i Pagament<\/span><\/h4>[vc_column_text text_align=&#8221;left&#8221;]<strong>6.1<\/strong> L&#8217;emissi\u00f3 de la factura es realitzar\u00e0 en el moment de finalitzaci\u00f3 i lliurament de la comanda amb data valor a tots els efectes l&#8217;explicitada en aquesta factura. Un cop emesa aquesta, no ser\u00e0 possible realitzar canvis de titular o conceptes, en compliment de la normativa vigent (Reial Decret 1496\/2003 sobre normes de facturaci\u00f3, modificat per Rd. 87\/2005).<\/p>\n<p><strong>6.2<\/strong> Si per causes alienes a Alfa Printing el treball no es lliura immediatament a la finalitzaci\u00f3 de la producci\u00f3 (indicaci\u00f3 del client que es retingui, stock per a altres processos ulteriors, per a distribucions no immediates, etc &#8230;), es considerar\u00e0 en stock en Alfa Printing i facturable directament amb data valor la de finalitzaci\u00f3 de la producci\u00f3. Si es ret\u00e9 el lliurament de la comanda durant m\u00e9s de 15 dies naturals per omissi\u00f3 del client es considerar\u00e0 comanda cancel\u00b7lada autom\u00e0ticament aplicant la cl\u00e0usula 4.2.<\/p>\n<p><strong>6.3<\/strong> La forma de pagament per a clients sense compte \u00e9s prepagament mitjanc\u0327ant efectiu, xec conformat o transfer\u00e8ncia banc\u00e0ria (nom\u00e9s un cop rebuda la confirmaci\u00f3 de pagament del banc, procedirem a imprimir la comanda).<\/p>\n<p><strong>6.4<\/strong> Pel client amb compte (client habitual i\/o gran empresa), es facilita un compte de cr\u00e8dit amb domiciliaci\u00f3 banc\u00e0ria al compte del client, pr\u00e8via aprovaci\u00f3 per part de l&#8217;entitat de Cr\u00e8dit i Cauci\u00f3 i amb el l\u00edmit de cr\u00e8dit igual al risc que Cr\u00e8dit i Cauci\u00f3 concedeixi com assegurable i sempre dins dels terminis de venciment de pagament que marqui la legalitat vigent.[\/vc_column_text][\/vc_column_inner][\/vc_row_inner][vc_row_inner equal_height=&#8221;yes&#8221; content_placement=&#8221;top&#8221; gap=&#8221;30&#8243; css=&#8221;.vc_custom_1548415355155{margin-top: 4% !important;}&#8221;][vc_column_inner el_class=&#8221;ombra border-outline&#8221; css=&#8221;.vc_custom_1548359488848{border-top-width: 5px !important;border-right-width: 5px !important;border-bottom-width: 5px !important;border-left-width: 5px !important;padding-top: 40px !important;padding-right: 40px !important;padding-bottom: 40px !important;padding-left: 40px !important;background-color: #f7f9fc !important;border-left-color: #ffffff !important;border-right-color: #ffffff !important;border-top-color: #ffffff !important;border-bottom-color: #ffffff !important;}&#8221;][vc_icon icon_fontawesome=&#8221;fa fa-check&#8221; color=&#8221;custom&#8221; background_style=&#8221;rounded&#8221; background_color=&#8221;custom&#8221; size=&#8221;xs&#8221; align=&#8221;center&#8221; custom_color=&#8221;#ffffff&#8221; custom_background_color=&#8221;#de0077&#8243; css=&#8221;.vc_custom_1548359835214{margin-top: -60px !important;margin-bottom: 20px !important;}&#8221;]<h4 class=\"vcex-module vcex-heading wpex-text-2xl wpex-font-normal wpex-m-auto wpex-max-w-100 vcex-heading-plain wpex-block wpex-text-center vc_custom_1554113074604\" style=\"font-weight:600;\"><span class=\"vcex-heading-inner wpex-inline-block wpex-clr\">7. Enviaments i lliuraments<\/span><\/h4>[vc_column_text text_align=&#8221;left&#8221;]<strong>7.1<\/strong> Les comandes inclouen, de forma general, un \u00fanic transport a un punt de Barcelona o la seva \u00e0rea Metropolitana. Els destinataris addicionals es facturaran a part. En cada proc\u00e9s de comanda confirmarem la data de lliurament segons les caracter\u00edstiques dels processos de producci\u00f3 requerides i les c\u00e0rregues de producci\u00f3 del moment.[\/vc_column_text][\/vc_column_inner][\/vc_row_inner][vc_row_inner equal_height=&#8221;yes&#8221; content_placement=&#8221;top&#8221; gap=&#8221;30&#8243; css=&#8221;.vc_custom_1548415355155{margin-top: 4% !important;}&#8221;][vc_column_inner el_class=&#8221;ombra border-outline&#8221; css=&#8221;.vc_custom_1548359488848{border-top-width: 5px !important;border-right-width: 5px !important;border-bottom-width: 5px !important;border-left-width: 5px !important;padding-top: 40px !important;padding-right: 40px !important;padding-bottom: 40px !important;padding-left: 40px !important;background-color: #f7f9fc !important;border-left-color: #ffffff !important;border-right-color: #ffffff !important;border-top-color: #ffffff !important;border-bottom-color: #ffffff !important;}&#8221;][vc_icon icon_fontawesome=&#8221;fa fa-check&#8221; color=&#8221;custom&#8221; background_style=&#8221;rounded&#8221; background_color=&#8221;custom&#8221; size=&#8221;xs&#8221; align=&#8221;center&#8221; custom_color=&#8221;#ffffff&#8221; custom_background_color=&#8221;#de0077&#8243; css=&#8221;.vc_custom_1548359835214{margin-top: -60px !important;margin-bottom: 20px !important;}&#8221;]<h4 class=\"vcex-module vcex-heading wpex-text-2xl wpex-font-normal wpex-m-auto wpex-max-w-100 vcex-heading-plain wpex-block wpex-text-center vc_custom_1554113116235\" style=\"font-weight:600;\"><span class=\"vcex-heading-inner wpex-inline-block wpex-clr\">8. Cl\u00e0usula de toler\u00e0ncies de quantitat<\/span><\/h4>[vc_column_text text_align=&#8221;left&#8221;]<strong>8.1<\/strong> Per motius t\u00e8cnics i de producci\u00f3 pot existir una difer\u00e8ncia de +\/- 5% entre la quantitat demanada i la quantitat impresa i lliurada, possibilitat que accepta el client i no reivindicar\u00e0 una indemnitzaci\u00f3 per aquesta difer\u00e8ncia. En qualsevol cas, es facturar\u00e0 la quantitat realment lliurada dins d&#8217;aquest 5% de marge.[\/vc_column_text][\/vc_column_inner][\/vc_row_inner][vc_row_inner equal_height=&#8221;yes&#8221; content_placement=&#8221;top&#8221; gap=&#8221;30&#8243; css=&#8221;.vc_custom_1548415355155{margin-top: 4% !important;}&#8221;][vc_column_inner el_class=&#8221;ombra border-outline&#8221; css=&#8221;.vc_custom_1548359488848{border-top-width: 5px !important;border-right-width: 5px !important;border-bottom-width: 5px !important;border-left-width: 5px !important;padding-top: 40px !important;padding-right: 40px !important;padding-bottom: 40px !important;padding-left: 40px !important;background-color: #f7f9fc !important;border-left-color: #ffffff !important;border-right-color: #ffffff !important;border-top-color: #ffffff !important;border-bottom-color: #ffffff !important;}&#8221;][vc_icon icon_fontawesome=&#8221;fa fa-check&#8221; color=&#8221;custom&#8221; background_style=&#8221;rounded&#8221; background_color=&#8221;custom&#8221; size=&#8221;xs&#8221; align=&#8221;center&#8221; custom_color=&#8221;#ffffff&#8221; custom_background_color=&#8221;#de0077&#8243; css=&#8221;.vc_custom_1548359835214{margin-top: -60px !important;margin-bottom: 20px !important;}&#8221;]<h4 class=\"vcex-module vcex-heading wpex-text-2xl wpex-font-normal wpex-m-auto wpex-max-w-100 vcex-heading-plain wpex-block wpex-text-center vc_custom_1554113159795\" style=\"font-weight:600;\"><span class=\"vcex-heading-inner wpex-inline-block wpex-clr\">9. Advert\u00e8ncies t\u00e8cniques<\/span><\/h4>[vc_column_text text_align=&#8221;left&#8221;]<strong>9.1<\/strong> Els arxius inform\u00e0tics necessaris per fabricar el producte impr\u00e8s han de ser proporcionats pel client i han de ser estrictament conformes a les exig\u00e8ncies t\u00e8cniques per a la impressi\u00f3 amb tecnologies Digital o Offset, pel qual est\u00e0 particularment ent\u00e8s que el client \u00e9s capac\u0327 de comprendre i d&#8217;aplicar les t\u00e8cniques per generar i subministrar els arxius i\/o els fitxers PDF, que s&#8217;hagin de considerar com originals, degudament (mida del document correcte, inclusi\u00f3 de marques de tall, plegat, fendit, sang, resoluci\u00f3 d&#8217;imatges adequada a 300ppp i en CMYK, mai en RGB, amb perfils de color que compleixin la norma ISO 12647, inclusi\u00f3 de fonts trac\u0327ades o incrustades, marges de seguretat respecte al tall d&#8217;objectes i textos, paletes de colors, etc &#8230;).<\/p>\n<p><strong>9.2<\/strong> El client accepta sense reserves les limitacions t\u00e8cniques que comporta la impressi\u00f3 industrial: variacions de color amb la prova de color i especialment amb la &#8220;reproducci\u00f3 en pantalla&#8221;; tamb\u00e9 en cas de reimpressi\u00f3 d&#8217;un mateix treball en diferent data, toler\u00e0ncies d&#8217;acabats i talls del voltant de +\/- 1 mm., etc. Est\u00e0 igualment convingut que Alfa Printing no \u00e9s responsable dels defectes d&#8217;impressi\u00f3, colorimetria, car\u00e0cters, ortografia, sobreimpressi\u00f3, conversi\u00f3 d&#8217;imatges, etc. que estiguin presents en els fitxers originals del client. El Client reconeix igualment que est\u00e0 informat que els programes de disseny no garanteixen mai una reproducci\u00f3 id\u00e8ntica al fitxer que apareix a la pantalla i que pot conduir, en ocasi\u00f3 de tractaments t\u00e8cnics successius, a resultats diferents a la visi\u00f3 de pantalla o de la reproducci\u00f3 en diferents sistemes d&#8217;impressi\u00f3.[\/vc_column_text][\/vc_column_inner][\/vc_row_inner][vc_row_inner equal_height=&#8221;yes&#8221; content_placement=&#8221;top&#8221; gap=&#8221;30&#8243; css=&#8221;.vc_custom_1548415355155{margin-top: 4% !important;}&#8221;][vc_column_inner el_class=&#8221;ombra border-outline&#8221; css=&#8221;.vc_custom_1548359488848{border-top-width: 5px !important;border-right-width: 5px !important;border-bottom-width: 5px !important;border-left-width: 5px !important;padding-top: 40px !important;padding-right: 40px !important;padding-bottom: 40px !important;padding-left: 40px !important;background-color: #f7f9fc !important;border-left-color: #ffffff !important;border-right-color: #ffffff !important;border-top-color: #ffffff !important;border-bottom-color: #ffffff !important;}&#8221;][vc_icon icon_fontawesome=&#8221;fa fa-check&#8221; color=&#8221;custom&#8221; background_style=&#8221;rounded&#8221; background_color=&#8221;custom&#8221; size=&#8221;xs&#8221; align=&#8221;center&#8221; custom_color=&#8221;#ffffff&#8221; custom_background_color=&#8221;#de0077&#8243; css=&#8221;.vc_custom_1548359835214{margin-top: -60px !important;margin-bottom: 20px !important;}&#8221;]<h4 class=\"vcex-module vcex-heading wpex-text-2xl wpex-font-normal wpex-m-auto wpex-max-w-100 vcex-heading-plain wpex-block wpex-text-center vc_custom_1554113236338\" style=\"font-weight:600;\"><span class=\"vcex-heading-inner wpex-inline-block wpex-clr\">10. Protecci\u00f3 de dades<\/span><\/h4>[vc_column_text text_align=&#8221;left&#8221;]<strong>10.1<\/strong> Les dades facilitades pel client, s&#8217;incorporaran i seran tractades en un fitxer automatitzat d&#8217;Alfa Printing, amb la finalitat d&#8217;atendre la present relaci\u00f3. Les dades s\u00f3n confidencials i d&#8217;\u00fas exclusiu d&#8217;Alfa Printing, responsable del fitxer i amb domicili al C\/ Rossell\u00f3 n\u00ba 52 parcel\u00b7la 69 del Pol\u00edgon Industrial Famades de Cornell\u00e0 de Llobregat. Si ho desitja, pot accedir, rectificar, cancel\u00b7lar i oposar-se al tractament d&#8217;aquestes dades mitjanc\u0327ant escrit dirigit a la direcci\u00f3 anteriorment esmentada.<\/p>\n<p><strong>10.2<\/strong> De forma general Alfa Printing es compromet a NO divulgar, publicar directament o mitjanc\u0327ant terceres persones, ni posar a disposici\u00f3 de tercers qualsevol dada del client considerada confidencial, entenent per tal tota dada de car\u00e0cter personal (jur\u00eddic i\/o particular) sense autoritzaci\u00f3 expressa pel client per comunicar-ho, facilitada a Alfa Printing tant per atendre la relaci\u00f3 comercial normal com per a la realitzaci\u00f3 de treballs en qu\u00e8 se subministren aquestes dades i sempre sota la norma de compliment de la LOPD 15\/1999 i les seves successives revisions.[\/vc_column_text][\/vc_column_inner][\/vc_row_inner][vc_row_inner equal_height=&#8221;yes&#8221; content_placement=&#8221;top&#8221; gap=&#8221;30&#8243; css=&#8221;.vc_custom_1548415355155{margin-top: 4% !important;}&#8221;][vc_column_inner el_class=&#8221;ombra border-outline&#8221; css=&#8221;.vc_custom_1548359488848{border-top-width: 5px !important;border-right-width: 5px !important;border-bottom-width: 5px !important;border-left-width: 5px !important;padding-top: 40px !important;padding-right: 40px !important;padding-bottom: 40px !important;padding-left: 40px !important;background-color: #f7f9fc !important;border-left-color: #ffffff !important;border-right-color: #ffffff !important;border-top-color: #ffffff !important;border-bottom-color: #ffffff !important;}&#8221;][vc_icon icon_fontawesome=&#8221;fa fa-check&#8221; color=&#8221;custom&#8221; background_style=&#8221;rounded&#8221; background_color=&#8221;custom&#8221; size=&#8221;xs&#8221; align=&#8221;center&#8221; custom_color=&#8221;#ffffff&#8221; custom_background_color=&#8221;#de0077&#8243; css=&#8221;.vc_custom_1548359835214{margin-top: -60px !important;margin-bottom: 20px !important;}&#8221;]<h4 class=\"vcex-module vcex-heading wpex-text-2xl wpex-font-normal wpex-m-auto wpex-max-w-100 vcex-heading-plain wpex-block wpex-text-center vc_custom_1554113323041\" style=\"font-weight:600;\"><span class=\"vcex-heading-inner wpex-inline-block wpex-clr\">11. Garantia i reclamacions de treballs<\/span><\/h4>[vc_column_text text_align=&#8221;left&#8221;]<strong>11.1<\/strong> Atesa la naturalesa dels productes venuts per Alfa Printing, materials gr\u00e0fics impresos per enc\u00e0rrec, no hi ha dret de desistiment en relaci\u00f3 amb les compres que s&#8217;efectuen. No obstant aixo\u0300 la nostra GARANTIA de qualitat assegura que &#8220;Si troba algun un error o defecte d\u2019acabat a la feina, atribui\u0308ble a una defectuosa impressi\u00f3 o producci\u00f3 per Alfa Printing, repetirem la impressi\u00f3 de manera gratui\u0308ta a partir del mateix document original &#8220;. O\u0300bviament la garantia no pot cobrir errors ortogr\u00e0fics o de disseny en l&#8217;original del client, ni per diverg\u00e8ncies en el color reprodui\u0308t respecte a l&#8217;esperat, per la qual cosa aconsellem contractar sempre la realitzaci\u00f3 d&#8217;una prova de preimpressi\u00f3 (prova de color) f\u00edsica i no nom\u00e9s electro\u0300nica, i igualment es desestimar\u00e0 qualsevol reclamaci\u00f3 en qu\u00e8 el producte hagi estat espatllat en processos addicionals de qualsevol naturalesa ulteriors al lliurament ja que s&#8217;ent\u00e9n que els productes gr\u00e0fics tenen una resist\u00e8ncia i possibilitat de tractament i\/o \u00fas limitada i proporcional a la naturalesa mateixa dels materials que els componen.<\/p>\n<p><strong>11.2<\/strong> Tota reclamaci\u00f3, per ser atesa, s&#8217;ha de notificar a Alfa Printing en el termini m\u00e0xim de vuit dies a partir de la recepci\u00f3 de la mercaderia. En cas de lliurament defectu\u00f3s, la nostra empresa nom\u00e9s garanteix l&#8217;intercanvi de la mercaderia per un producte d&#8217;acord amb les exig\u00e8ncies de la comanda, excloent de manera expressa tots els danys i perjudicis soferts directament o indirectament.[\/vc_column_text][\/vc_column_inner][\/vc_row_inner][vc_row_inner equal_height=&#8221;yes&#8221; content_placement=&#8221;top&#8221; gap=&#8221;30&#8243; css=&#8221;.vc_custom_1548415355155{margin-top: 4% !important;}&#8221;][vc_column_inner el_class=&#8221;ombra border-outline&#8221; css=&#8221;.vc_custom_1548359488848{border-top-width: 5px !important;border-right-width: 5px !important;border-bottom-width: 5px !important;border-left-width: 5px !important;padding-top: 40px !important;padding-right: 40px !important;padding-bottom: 40px !important;padding-left: 40px !important;background-color: #f7f9fc !important;border-left-color: #ffffff !important;border-right-color: #ffffff !important;border-top-color: #ffffff !important;border-bottom-color: #ffffff !important;}&#8221;][vc_icon icon_fontawesome=&#8221;fa fa-check&#8221; color=&#8221;custom&#8221; background_style=&#8221;rounded&#8221; background_color=&#8221;custom&#8221; size=&#8221;xs&#8221; align=&#8221;center&#8221; custom_color=&#8221;#ffffff&#8221; custom_background_color=&#8221;#de0077&#8243; css=&#8221;.vc_custom_1548359835214{margin-top: -60px !important;margin-bottom: 20px !important;}&#8221;]<h4 class=\"vcex-module vcex-heading wpex-text-2xl wpex-font-normal wpex-m-auto wpex-max-w-100 vcex-heading-plain wpex-block wpex-text-center vc_custom_1554113383295\" style=\"font-weight:600;\"><span class=\"vcex-heading-inner wpex-inline-block wpex-clr\">12. Llei i jurisdicci\u00f3<\/span><\/h4>[vc_column_text text_align=&#8221;left&#8221;]<strong>12.1<\/strong> Les presents condicions generals, aix\u00ed com qualsevol relaci\u00f3 entre el client i Alfa Printing, es regiran per la legislaci\u00f3 vigent pel marc jur\u00eddic nacional i autono\u0300mic. Per a qualsevol q\u00fcesti\u00f3 litigiosa derivada de l&#8217;exist\u00e8ncia o contingut d&#8217;aquestes condicions generals o de les relacions entre el client i Alfa Printing ambdues parts, amb ren\u00fancia expressa a qualsevol altre fur que els pogu\u00e9s correspondre, se sotmeten a la jurisdicci\u00f3 i compet\u00e8ncia exclusiva dels Jutjats i Tribunals de la Ciutat de Cornell\u00e0 de Llobregat (Espanya).[\/vc_column_text][\/vc_column_inner][\/vc_row_inner][\/vc_column][vc_column width=&#8221;1\/6&#8243;][\/vc_column][\/vc_row]\n","protected":false},"excerpt":{"rendered":"<p>[vc_row full_width=&#8221;stretch_row&#8221; remove_bottom_col_margin=&#8221;true&#8221; css=&#8221;.vc_custom_1549366198123{margin-top: 40px !important;margin-bottom: 70px !important;padding-top: 15px !important;}&#8221;][vc_column][vc_column_text text_align=&#8221;center&#8221; font_family=&#8221;Open Sans&#8221; font_size=&#8221;18&#8243; line_height=&#8221;1.8&#8243; font_weight=&#8221;100&#8243; css=&#8221;.vc_custom_1554112402595{margin-bottom: 20px !important;padding-right: 10% !important;padding-left: 10% !important;}&#8221; width=&#8221;850&#8243;]Totes les vendes que es realitzin en Alfa Printing estan subjectes a les condicions generals de venda&hellip;<\/p>\n","protected":false},"author":1,"featured_media":0,"parent":0,"menu_order":0,"comment_status":"closed","ping_status":"closed","template":"","meta":[],"yoast_head":"<!-- This site is optimized with the Yoast SEO plugin v15.1.1 - https:\/\/yoast.com\/wordpress\/plugins\/seo\/ -->\n<title>Condicions generals de venda | Alfa Printing<\/title>\n<meta name=\"robots\" content=\"index, follow, max-snippet:-1, max-image-preview:large, max-video-preview:-1\" \/>\n<link rel=\"canonical\" href=\"https:\/\/www.alfaprinting.es\/ca\/condicions-generals-de-venda\/\" \/>\n<meta property=\"og:locale\" content=\"ca_ES\" \/>\n<meta property=\"og:type\" content=\"article\" \/>\n<meta property=\"og:title\" content=\"Condicions generals de venda | Alfa Printing\" \/>\n<meta property=\"og:description\" content=\"[vc_row full_width=&#8221;stretch_row&#8221; remove_bottom_col_margin=&#8221;true&#8221; css=&#8221;.vc_custom_1549366198123{margin-top: 40px !important;margin-bottom: 70px !important;padding-top: 15px !important;}&#8221;][vc_column][vc_column_text text_align=&#8221;center&#8221; font_family=&#8221;Open Sans&#8221; font_size=&#8221;18&#8243; line_height=&#8221;1.8&#8243; font_weight=&#8221;100&#8243; css=&#8221;.vc_custom_1554112402595{margin-bottom: 20px !important;padding-right: 10% !important;padding-left: 10% !important;}&#8221; width=&#8221;850&#8243;]Totes les vendes que es realitzin en Alfa Printing estan subjectes a les condicions generals de venda&hellip;\" \/>\n<meta property=\"og:url\" content=\"https:\/\/www.alfaprinting.es\/ca\/condicions-generals-de-venda\/\" \/>\n<meta property=\"og:site_name\" content=\"Alfa Printing\" \/>\n<meta property=\"article:modified_time\" content=\"2024-10-03T10:40:58+00:00\" \/>\n<meta property=\"og:image\" content=\"https:\/\/www.alfaprinting.es\/wp-content\/uploads\/2019\/01\/logo-Alfaprinting.png\" \/>\n\t<meta property=\"og:image:width\" content=\"515\" \/>\n\t<meta property=\"og:image:height\" content=\"123\" \/>\n<meta name=\"twitter:card\" content=\"summary_large_image\" \/>\n<meta name=\"twitter:creator\" content=\"@AlfaprintingBCN\" \/>\n<meta name=\"twitter:site\" content=\"@AlfaprintingBCN\" \/>\n<script type=\"application\/ld+json\" class=\"yoast-schema-graph\">{\"@context\":\"https:\/\/schema.org\",\"@graph\":[{\"@type\":\"Organization\",\"@id\":\"https:\/\/www.alfaprinting.es\/ca\/#organization\",\"name\":\"Alfa Printing\",\"url\":\"https:\/\/www.alfaprinting.es\/ca\/\",\"sameAs\":[\"https:\/\/www.linkedin.com\/in\/alfa-printing-s-l-31240653\/\",\"https:\/\/twitter.com\/AlfaprintingBCN\"],\"logo\":{\"@type\":\"ImageObject\",\"@id\":\"https:\/\/www.alfaprinting.es\/ca\/#logo\",\"inLanguage\":\"ca\",\"url\":\"https:\/\/www.alfaprinting.es\/wp-content\/uploads\/2019\/01\/logo-Alfaprinting.png\",\"width\":515,\"height\":123,\"caption\":\"Alfa Printing\"},\"image\":{\"@id\":\"https:\/\/www.alfaprinting.es\/ca\/#logo\"}},{\"@type\":\"WebSite\",\"@id\":\"https:\/\/www.alfaprinting.es\/ca\/#website\",\"url\":\"https:\/\/www.alfaprinting.es\/ca\/\",\"name\":\"Alfa Printing\",\"description\":\"Servicios de imprenta y producci\\u00f3n gr\\u00e1fica de alta calidad\",\"publisher\":{\"@id\":\"https:\/\/www.alfaprinting.es\/ca\/#organization\"},\"potentialAction\":[{\"@type\":\"SearchAction\",\"target\":\"https:\/\/www.alfaprinting.es\/ca\/?s={search_term_string}\",\"query-input\":\"required name=search_term_string\"}],\"inLanguage\":\"ca\"},{\"@type\":\"WebPage\",\"@id\":\"https:\/\/www.alfaprinting.es\/ca\/condicions-generals-de-venda\/#webpage\",\"url\":\"https:\/\/www.alfaprinting.es\/ca\/condicions-generals-de-venda\/\",\"name\":\"Condicions generals de venda | Alfa Printing\",\"isPartOf\":{\"@id\":\"https:\/\/www.alfaprinting.es\/ca\/#website\"},\"datePublished\":\"2019-02-05T11:26:45+00:00\",\"dateModified\":\"2024-10-03T10:40:58+00:00\",\"breadcrumb\":{\"@id\":\"https:\/\/www.alfaprinting.es\/ca\/condicions-generals-de-venda\/#breadcrumb\"},\"inLanguage\":\"ca\",\"potentialAction\":[{\"@type\":\"ReadAction\",\"target\":[\"https:\/\/www.alfaprinting.es\/ca\/condicions-generals-de-venda\/\"]}]},{\"@type\":\"BreadcrumbList\",\"@id\":\"https:\/\/www.alfaprinting.es\/ca\/condicions-generals-de-venda\/#breadcrumb\",\"itemListElement\":[{\"@type\":\"ListItem\",\"position\":1,\"item\":{\"@type\":\"WebPage\",\"@id\":\"https:\/\/www.alfaprinting.es\/ca\/\",\"url\":\"https:\/\/www.alfaprinting.es\/ca\/\",\"name\":\"Portada\"}},{\"@type\":\"ListItem\",\"position\":2,\"item\":{\"@type\":\"WebPage\",\"@id\":\"https:\/\/www.alfaprinting.es\/ca\/condicions-generals-de-venda\/\",\"url\":\"https:\/\/www.alfaprinting.es\/ca\/condicions-generals-de-venda\/\",\"name\":\"Condicions generals de venda\"}}]}]}<\/script>\n<!-- \/ Yoast SEO plugin. -->","_links":{"self":[{"href":"https:\/\/www.alfaprinting.es\/ca\/wp-json\/wp\/v2\/pages\/1989\/"}],"collection":[{"href":"https:\/\/www.alfaprinting.es\/ca\/wp-json\/wp\/v2\/pages\/"}],"about":[{"href":"https:\/\/www.alfaprinting.es\/ca\/wp-json\/wp\/v2\/types\/page\/"}],"author":[{"embeddable":true,"href":"https:\/\/www.alfaprinting.es\/ca\/wp-json\/wp\/v2\/users\/1\/"}],"replies":[{"embeddable":true,"href":"https:\/\/www.alfaprinting.es\/ca\/wp-json\/wp\/v2\/comments\/?post=1989"}],"version-history":[{"count":8,"href":"https:\/\/www.alfaprinting.es\/ca\/wp-json\/wp\/v2\/pages\/1989\/revisions\/"}],"predecessor-version":[{"id":2820,"href":"https:\/\/www.alfaprinting.es\/ca\/wp-json\/wp\/v2\/pages\/1989\/revisions\/2820\/"}],"wp:attachment":[{"href":"https:\/\/www.alfaprinting.es\/ca\/wp-json\/wp\/v2\/media\/?parent=1989"}],"curies":[{"name":"wp","href":"https:\/\/api.w.org\/{rel}","templated":true}]}}